{"id":70,"date":"2025-03-12T07:25:10","date_gmt":"2025-03-12T07:25:10","guid":{"rendered":"https:\/\/aculvila.fi\/site\/?page_id=70"},"modified":"2026-01-05T08:54:08","modified_gmt":"2026-01-05T08:54:08","slug":"hinnasto","status":"publish","type":"page","link":"https:\/\/aculvila.fi\/site\/index.php\/hinnasto\/","title":{"rendered":"Hinnasto"},"content":{"rendered":"\n<p><\/p>\n\n\n\n<p class=\"has-xx-large-font-size\"><strong>Hinnasto 2026<\/strong><\/p>\n\n\n\n<p>Seuran liittymis- ja j\u00e4senmaksut p\u00e4\u00e4tet\u00e4\u00e4n vuosittain seuran yleisess\u00e4 syyskokouksessa. Muut maksut p\u00e4\u00e4tt\u00e4\u00e4 seuran hallitus.<\/p>\n\n\n\n<figure class=\"wp-block-image alignleft size-large is-resized\"><img loading=\"lazy\" decoding=\"async\" width=\"480\" height=\"1024\" src=\"https:\/\/aculvila.fi\/site\/wp-content\/uploads\/2025\/03\/IMG-20250315-WA0008-1-480x1024.jpg\" alt=\"\" class=\"wp-image-484\" style=\"width:204px;height:auto\" srcset=\"https:\/\/aculvila.fi\/site\/wp-content\/uploads\/2025\/03\/IMG-20250315-WA0008-1-480x1024.jpg 480w, https:\/\/aculvila.fi\/site\/wp-content\/uploads\/2025\/03\/IMG-20250315-WA0008-1-141x300.jpg 141w, https:\/\/aculvila.fi\/site\/wp-content\/uploads\/2025\/03\/IMG-20250315-WA0008-1-768x1637.jpg 768w, https:\/\/aculvila.fi\/site\/wp-content\/uploads\/2025\/03\/IMG-20250315-WA0008-1-721x1536.jpg 721w, https:\/\/aculvila.fi\/site\/wp-content\/uploads\/2025\/03\/IMG-20250315-WA0008-1.jpg 935w\" sizes=\"auto, (max-width: 480px) 100vw, 480px\" \/><\/figure>\n\n\n\n<p><strong>Liittymismaksu:<\/strong> Ei liittymismaksua.<\/p>\n\n\n\n<p><strong>J\u00e4senmaksu: <\/strong><br>Aikuinen 100 \u20ac\/v <br>Juniorit (alle 20 v.) 70 \u20ac\/v<br><em>Perhe:<\/em><br>Saman talouden 2. j\u00e4sen -20 \u20ac normaalista j\u00e4senmaksusta<br>Saman talouden 3. j\u00e4sen ja siit\u00e4 useammat -30 \u20ac normaalista j\u00e4senmaksusta<\/p>\n\n\n\n<p><strong>Ratamaksu:<\/strong><br>Juniorit:<strong> ei ratamaksua <\/strong><br>Aikuinen: Ratamaksu 40 \u20ac\/v tai 1 \u20ac\/krt<br>Vieras: 3 \u20ac\/krt<\/p>\n\n\n\n<p><strong>Ensinuolet-kurssi:<\/strong> Aikuinen 60 \u20ac, juniorit 30 \u20ac, j\u00e4senet puoleen hintaan.<\/p>\n\n\n\n<p><strong>Ryhmien hinnat <a href=\"https:\/\/aculvila.fi\/site\/index.php\/ryhmille\/\" data-type=\"page\" data-id=\"98\">T\u00c4\u00c4LT\u00c4<\/a><\/strong><\/p>\n\n\n\n<p>Pyrimme s\u00e4ilytt\u00e4m\u00e4\u00e4n hinnat alhaisina kehitt\u00e4m\u00e4ll\u00e4 seuran toimintaa.<\/p>\n","protected":false},"excerpt":{"rendered":"<p>Hinnasto 2026 Seuran liittymis- ja j\u00e4senmaksut p\u00e4\u00e4tet\u00e4\u00e4n vuosittain seuran yleisess\u00e4 syyskokouksessa. Muut maksut p\u00e4\u00e4tt\u00e4\u00e4 seuran hallitus. Liittymismaksu: Ei liittymismaksua. J\u00e4senmaksu: Aikuinen 100 \u20ac\/v Juniorit (alle 20 v.) 70 \u20ac\/vPerhe:Saman talouden 2. j\u00e4sen -20 \u20ac normaalista j\u00e4senmaksustaSaman talouden 3. j\u00e4sen ja siit\u00e4 useammat -30 \u20ac normaalista j\u00e4senmaksusta Ratamaksu:Juniorit: ei ratamaksua Aikuinen: Ratamaksu 40 \u20ac\/v tai 1 [&hellip;]<\/p>\n","protected":false},"author":2,"featured_media":31,"parent":0,"menu_order":0,"comment_status":"closed","ping_status":"closed","template":"","meta":{"footnotes":""},"class_list":["post-70","page","type-page","status-publish","has-post-thumbnail","hentry"],"_links":{"self":[{"href":"https:\/\/aculvila.fi\/site\/index.php\/wp-json\/wp\/v2\/pages\/70","targetHints":{"allow":["GET"]}}],"collection":[{"href":"https:\/\/aculvila.fi\/site\/index.php\/wp-json\/wp\/v2\/pages"}],"about":[{"href":"https:\/\/aculvila.fi\/site\/index.php\/wp-json\/wp\/v2\/types\/page"}],"author":[{"embeddable":true,"href":"https:\/\/aculvila.fi\/site\/index.php\/wp-json\/wp\/v2\/users\/2"}],"replies":[{"embeddable":true,"href":"https:\/\/aculvila.fi\/site\/index.php\/wp-json\/wp\/v2\/comments?post=70"}],"version-history":[{"count":29,"href":"https:\/\/aculvila.fi\/site\/index.php\/wp-json\/wp\/v2\/pages\/70\/revisions"}],"predecessor-version":[{"id":792,"href":"https:\/\/aculvila.fi\/site\/index.php\/wp-json\/wp\/v2\/pages\/70\/revisions\/792"}],"wp:featuredmedia":[{"embeddable":true,"href":"https:\/\/aculvila.fi\/site\/index.php\/wp-json\/wp\/v2\/media\/31"}],"wp:attachment":[{"href":"https:\/\/aculvila.fi\/site\/index.php\/wp-json\/wp\/v2\/media?parent=70"}],"curies":[{"name":"wp","href":"https:\/\/api.w.org\/{rel}","templated":true}]}}