{"id":158,"date":"2025-03-11T10:38:23","date_gmt":"2025-03-11T10:38:23","guid":{"rendered":"https:\/\/aculvila.fi\/site\/?page_id=158"},"modified":"2026-03-11T07:51:37","modified_gmt":"2026-03-11T07:51:37","slug":"ammutaan-sita-jousella-ulvilassakin","status":"publish","type":"page","link":"https:\/\/aculvila.fi\/site\/","title":{"rendered":"Etusivu"},"content":{"rendered":"\n<figure class=\"wp-block-image aligncenter size-large\"><img loading=\"lazy\" decoding=\"async\" width=\"1024\" height=\"349\" src=\"https:\/\/aculvila.fi\/site\/wp-content\/uploads\/2025\/03\/etusivu5-1024x349.jpg\" alt=\"\" class=\"wp-image-431\" srcset=\"https:\/\/aculvila.fi\/site\/wp-content\/uploads\/2025\/03\/etusivu5-1024x349.jpg 1024w, https:\/\/aculvila.fi\/site\/wp-content\/uploads\/2025\/03\/etusivu5-300x102.jpg 300w, https:\/\/aculvila.fi\/site\/wp-content\/uploads\/2025\/03\/etusivu5-768x262.jpg 768w, https:\/\/aculvila.fi\/site\/wp-content\/uploads\/2025\/03\/etusivu5.jpg 1307w\" sizes=\"auto, (max-width: 1024px) 100vw, 1024px\" \/><\/figure>\n\n\n\n<p class=\"has-xx-large-font-size\"><strong>Yleist\u00e4 infoa:<\/strong><\/p>\n\n\n\n<p class=\"has-light-background-color has-background has-large-font-size\"><strong>Ratojen aukiolot ja varaukset<\/strong><\/p>\n\n\n\n<p>Varaukset ja aukioloajat l\u00f6ytyv\u00e4t parhaiten <strong><a href=\"https:\/\/aculvila.fi\/site\/index.php\/kalenteri\/\" data-type=\"page\" data-id=\"67\">Kalenterista.<\/a><\/strong><\/p>\n\n\n\n<p>Seuran yleiset harjoitusvuorot ovat <strong>maanantaisin sek\u00e4 torstaisin klo17\u201319:30 <\/strong>jolloin j\u00e4senet, ilman omaa avainta, p\u00e4\u00e4sev\u00e4t harjoittelemaan seuran v\u00e4lineill\u00e4. <strong>Arkipyhin\u00e4 ei ole yleisi\u00e4 harjoitusvuoroja.<\/strong><\/p>\n\n\n\n<p>Olet tervetullut katsomaan harjoituksia, tutustumaan toimintaan ja keskustelemaan mahdollisuuksista vaikka et olisi seuran j\u00e4sen.<\/p>\n\n\n\n<p>Lue lis\u00e4\u00e4 <strong><a href=\"https:\/\/aculvila.fi\/site\/index.php\/harjoituspaivat\/\" data-type=\"page\" data-id=\"521\">Harjoitusajat<\/a><\/strong><\/p>\n\n\n\n<p class=\"has-text-align-left has-light-background-color has-background has-large-font-size\"><strong>Ohjatut tapahtumat ryhmille<\/strong><\/p>\n\n\n\n<p>J\u00e4rjest\u00e4mme kaveriporukuille, harrastekerhoille sek\u00e4 yritysten TYKY\/TYHY-ryhmille sopivia ja <strong>tarpeen mukaan  r\u00e4\u00e4t\u00e4l\u00f6ityj\u00e4<\/strong> ammutuksia. Tarvittaessa saamme ammutukset onnistumaan my\u00f6s muualla kuin seuran radoilla (esim. kes\u00e4tapahtumat, messut, asiakasp\u00e4iv\u00e4t yms.)<\/p>\n\n\n\n<p>Lue lis\u00e4\u00e4 <a href=\"https:\/\/aculvila.fi\/site\/index.php\/ryhmille\/\" data-type=\"page\" data-id=\"98\"><strong>Ryhmille<\/strong><\/a> ja lataa itsellesi mainos.<\/p>\n\n\n\n<p class=\"has-text-align-left has-light-background-color has-background has-large-font-size\"><strong>Ilmaiset lajikokeiluillat<\/strong><\/p>\n\n\n\n<p>J\u00e4rjest\u00e4mme ilmaisia <a href=\"https:\/\/aculvila.fi\/site\/index.php\/lajikokeilu\/\" data-type=\"page\" data-id=\"66\"><strong>lajikokeiluiltoja<\/strong><\/a> kunkin kuukauden ensimm\u00e4isen\u00e4 maanantaina klo 18:30\u2013 n. 19:30 (pois lukien touko- ja syyskuu). Alkuosaamista tai omia v\u00e4lineit\u00e4 et tarvitse vaan tarjoamme ohjauksen sek\u00e4 v\u00e4lineet lajiin tutustumiseen.&nbsp;Kokeiluillat eiv\u00e4t ole tarkoitettu ryhmille vaan yksityishenkil\u00f6ille. Olethan paikalla klo 18:30 tai hieman aiemmin.<\/p>\n\n\n\n<p>Mik\u00e4li sinulla on vaikeuksia saada ajankohtaa sopimaan niin ota yhteytt\u00e4 jolloin yrit\u00e4mme j\u00e4rjest\u00e4\u00e4 mahdollisuuden tulla kokeilemaan muuna ajankohtana.<\/p>\n\n\n\n<p>Lue lis\u00e4\u00e4 <strong><a href=\"https:\/\/aculvila.fi\/site\/index.php\/lajikokeilu\/\" data-type=\"page\" data-id=\"66\">Lajikokeilu<\/a><\/strong><\/p>\n\n\n\n<p class=\"has-light-background-color has-background has-large-font-size\"><strong>Ensinuolet-kurssi<\/strong><\/p>\n\n\n\n<p>Seuraava kurssi alkaa keskiviikkona 25.3. Kurssi koostuu viidest\u00e4 kurssikerrasta.<\/p>\n\n\n\n<p>Kurssilla&nbsp;saat kattavan paketin ammuntatekniikasta, harjoittelusta, eri lajeista, kilpailemisesta, jousen hankinnasta, jousen peruss\u00e4\u00e4d\u00f6ist\u00e4, seuran toiminnasta, yms. <\/p>\n\n\n\n<p>Lue lis\u00e4\u00e4 <a href=\"https:\/\/aculvila.fi\/site\/index.php\/kurssit\/\" data-type=\"page\" data-id=\"65\"><strong>Kurssit<\/strong><\/a>, lataa kurssiesite ja varmista oma paikkasi kurssilla ilmoittautumalla!<\/p>\n\n\n\n<p><\/p>\n\n\n\n<p class=\"has-light-background-color has-background has-large-font-size\"><strong>Tulosammunnat<\/strong><\/p>\n\n\n\n<p><strong>Talvi\/kev\u00e4t 2026 tulosammuntap\u00e4iv\u00e4t julkaistu<\/strong> (<strong><a href=\"https:\/\/aculvila.fi\/site\/index.php\/tulosammunnat\/\" data-type=\"page\" data-id=\"550\">Tulosammunnat<\/a><\/strong>).<\/p>\n\n\n\n<p>Tulosammuntojen tavoitteena on toimia hyv\u00e4n\u00e4 kilpailunomaisena harjoitteena jolla madalletaan kynnyst\u00e4 osallistua SJAL:n tai FFAA:n alaisiin kilpailuihin. Tulosammunnoissa tuloskorttien t\u00e4ytt\u00f6 sek\u00e4 kilpailus\u00e4\u00e4nn\u00f6t tulevat l\u00e4hes huomaamatta tutuiksi. <\/p>\n\n\n\n<p>Lue lis\u00e4\u00e4 <strong><a href=\"https:\/\/aculvila.fi\/site\/index.php\/tulosammunnat\/\" data-type=\"page\" data-id=\"550\">Tulosammunnat<\/a><\/strong><\/p>\n\n\n\n<p><\/p>\n\n\n\n<p class=\"has-light-background-color has-background has-large-font-size\"><strong><strong>\u201cACU:n toimintaedellytykset kuntoon\u201d ja &#8221;ACU:n toimintaedelletysten lis\u00e4\u00e4minen&#8221; hanke<\/strong>et saatettu p\u00e4\u00e4t\u00f6kseen<\/strong><\/p>\n\n\n\n<p>ACU:lle on my\u00f6nnettiin 2025\/2026, Leader Karhuseudun tukea hankkeisiin, joilla laitettiin seuran toimintaedellytyksi\u00e4 kuntoon. Ensimm\u00e4inen hanke &#8221;ACU:n toimintaedellytykset kuntoon&#8221; mahdollisti uusien jousien hankinnan, vanhojen, aikansa palvelleiden tilalle sek\u00e4 sis\u00e4radan vanhan osuuden pintojen p\u00e4ivityksen nykyp\u00e4iv\u00e4\u00e4n. <\/p>\n\n\n\n<p>Ensimm\u00e4isen hankkeen per\u00e4\u00e4n saatiin toinen hanke &#8221;ACU:n toimintaedellytysten lis\u00e4\u00e4minen&#8221; jotta seura pystyisi vastaamaan nopeasti ja huomattavasti lis\u00e4\u00e4ntyneeseen k\u00e4vij\u00e4m\u00e4\u00e4r\u00e4\u00e4n. Toisella hankkeella lis\u00e4ttiin edelleen hiukan jousien m\u00e4\u00e4r\u00e4\u00e4 mutta hankkeen p\u00e4\u00e4paino oli ratakapasiteetin lis\u00e4\u00e4minen vastaamaan lis\u00e4\u00e4ntynytt\u00e4 k\u00e4vij\u00e4m\u00e4\u00e4r\u00e4\u00e4. <\/p>\n\n\n\n<p>N\u00e4m\u00e4 hankkeet ovat mahdollistaneet seuran nousemisen takaisin Suomen jousiammuntakartalle. Lue lis\u00e4\u00e4 <strong><a href=\"https:\/\/aculvila.fi\/site\/index.php\/hanke\/\" data-type=\"page\" data-id=\"716\">Hanke<\/a><\/strong><\/p>\n\n\n\n<figure class=\"wp-block-image size-full is-resized\"><img loading=\"lazy\" decoding=\"async\" width=\"1024\" height=\"363\" src=\"https:\/\/aculvila.fi\/site\/wp-content\/uploads\/2025\/08\/Leader_Logo_Ryhmakohtaiset_RGB_Green_Karhuseutu.png\" alt=\"\" class=\"wp-image-713\" style=\"width:382px;height:auto\" srcset=\"https:\/\/aculvila.fi\/site\/wp-content\/uploads\/2025\/08\/Leader_Logo_Ryhmakohtaiset_RGB_Green_Karhuseutu.png 1024w, https:\/\/aculvila.fi\/site\/wp-content\/uploads\/2025\/08\/Leader_Logo_Ryhmakohtaiset_RGB_Green_Karhuseutu-300x106.png 300w, https:\/\/aculvila.fi\/site\/wp-content\/uploads\/2025\/08\/Leader_Logo_Ryhmakohtaiset_RGB_Green_Karhuseutu-768x272.png 768w\" sizes=\"auto, (max-width: 1024px) 100vw, 1024px\" \/><\/figure>\n\n\n\n<figure class=\"wp-block-image size-full is-resized\"><img loading=\"lazy\" decoding=\"async\" width=\"1024\" height=\"215\" src=\"https:\/\/aculvila.fi\/site\/wp-content\/uploads\/2025\/08\/FI-Euroopan-unionin-osarahoittama-2.jpg\" alt=\"\" class=\"wp-image-712\" style=\"width:354px;height:auto\" srcset=\"https:\/\/aculvila.fi\/site\/wp-content\/uploads\/2025\/08\/FI-Euroopan-unionin-osarahoittama-2.jpg 1024w, https:\/\/aculvila.fi\/site\/wp-content\/uploads\/2025\/08\/FI-Euroopan-unionin-osarahoittama-2-300x63.jpg 300w, https:\/\/aculvila.fi\/site\/wp-content\/uploads\/2025\/08\/FI-Euroopan-unionin-osarahoittama-2-768x161.jpg 768w\" sizes=\"auto, (max-width: 1024px) 100vw, 1024px\" \/><\/figure>\n\n\n\n<p><\/p>\n","protected":false},"excerpt":{"rendered":"<p>Yleist\u00e4 infoa: Ratojen aukiolot ja varaukset Varaukset ja aukioloajat l\u00f6ytyv\u00e4t parhaiten Kalenterista. Seuran yleiset harjoitusvuorot ovat maanantaisin sek\u00e4 torstaisin klo17\u201319:30 jolloin j\u00e4senet, ilman omaa avainta, p\u00e4\u00e4sev\u00e4t harjoittelemaan seuran v\u00e4lineill\u00e4. Arkipyhin\u00e4 ei ole yleisi\u00e4 harjoitusvuoroja. Olet tervetullut katsomaan harjoituksia, tutustumaan toimintaan ja keskustelemaan mahdollisuuksista vaikka et olisi seuran j\u00e4sen. Lue lis\u00e4\u00e4 Harjoitusajat Ohjatut tapahtumat ryhmille J\u00e4rjest\u00e4mme [&hellip;]<\/p>\n","protected":false},"author":2,"featured_media":0,"parent":0,"menu_order":0,"comment_status":"closed","ping_status":"closed","template":"","meta":{"footnotes":""},"class_list":["post-158","page","type-page","status-publish","hentry"],"_links":{"self":[{"href":"https:\/\/aculvila.fi\/site\/index.php\/wp-json\/wp\/v2\/pages\/158","targetHints":{"allow":["GET"]}}],"collection":[{"href":"https:\/\/aculvila.fi\/site\/index.php\/wp-json\/wp\/v2\/pages"}],"about":[{"href":"https:\/\/aculvila.fi\/site\/index.php\/wp-json\/wp\/v2\/types\/page"}],"author":[{"embeddable":true,"href":"https:\/\/aculvila.fi\/site\/index.php\/wp-json\/wp\/v2\/users\/2"}],"replies":[{"embeddable":true,"href":"https:\/\/aculvila.fi\/site\/index.php\/wp-json\/wp\/v2\/comments?post=158"}],"version-history":[{"count":78,"href":"https:\/\/aculvila.fi\/site\/index.php\/wp-json\/wp\/v2\/pages\/158\/revisions"}],"predecessor-version":[{"id":819,"href":"https:\/\/aculvila.fi\/site\/index.php\/wp-json\/wp\/v2\/pages\/158\/revisions\/819"}],"wp:attachment":[{"href":"https:\/\/aculvila.fi\/site\/index.php\/wp-json\/wp\/v2\/media?parent=158"}],"curies":[{"name":"wp","href":"https:\/\/api.w.org\/{rel}","templated":true}]}}